{"id":1216,"date":"2026-04-27T10:15:13","date_gmt":"2026-04-27T08:15:13","guid":{"rendered":"https:\/\/tuiliere-a-ciel-ouvert.fr\/?page_id=1216"},"modified":"2026-04-27T15:39:38","modified_gmt":"2026-04-27T13:39:38","slug":"programme-et-plan-2026","status":"publish","type":"page","link":"https:\/\/tuiliere-a-ciel-ouvert.fr\/index.php\/programme-et-plan-2026\/","title":{"rendered":"Programme et Plan 2026"},"content":{"rendered":"\n<h2 class=\"wp-block-heading\" style=\"font-size:28px\"><strong>SPECTACLES, CONF\u00c9RENCES ET ATELIERS<\/strong><\/h2>\n\n\n\n<h5 class=\"wp-block-heading has-vivid-purple-color has-text-color has-link-color wp-elements-1fb5e445aec8cdf324e14d84d4f2cceb\" style=\"font-size:22px\">CHAPI<\/h5>\n\n\n\n<p><strong>\u2022\u2022\u2022 14h \u2022\u2022\u2022 <\/strong><br><strong>Atelier | Peinture \u00e9cologique<\/strong> <strong> <strong>\u2022\u00a0<\/strong><\/strong><em><strong><strong>Blablabla<\/strong><\/strong><\/em><em><strong><strong> <\/strong><\/strong><\/em><em> <\/em><strong>&#8211; <\/strong>Aude<\/p>\n\n\n\n<p><strong><br><\/strong><\/p>\n\n\n\n<p><strong>\u2022\u2022\u2022 15h30 \u2022\u2022\u2022 <br>SPECTACLE 1 | Blablabla<\/strong> <strong> <strong>\u2022\u00a0<\/strong><\/strong><em><strong><strong>Blablabla<\/strong><\/strong> <\/em><strong>&#8211; <\/strong>Blablabla<\/p>\n\n\n\n<p><strong>IMAGE + Blablabla<\/strong><\/p>\n\n\n\n<p><strong><strong>\u2022\u2022\u2022 17h30 \u2022\u2022\u2022 <br><\/strong>SPECTACLE 1 | Blablabla<\/strong> <strong> <strong>\u2022\u00a0<\/strong><\/strong><em><strong><strong>Blablabla<\/strong><\/strong> <\/em><strong>&#8211; <\/strong>Blablabla<\/p>\n\n\n\n<p><strong>IMAGE + Blablabla<\/strong><\/p>\n\n\n\n<div class=\"wp-block-group\"><div class=\"wp-block-group__inner-container is-layout-constrained wp-block-group-is-layout-constrained\">\n<hr class=\"wp-block-separator has-alpha-channel-opacity\"\/>\n\n\n\n<p><strong><strong><strong>\u2022\u2022\u2022 <\/strong><\/strong>Toute l&#8217;aprem en itin\u00e9rance<strong> \u2022\u2022\u2022 <\/strong><br><strong>SPECTACLE | Magie<\/strong> <strong>\u2022&nbsp;<\/strong><em>Le magicien aux cheveux rouges<\/em><\/strong> &#8211; Red Nist<\/p>\n\n\n\n<div class=\"wp-block-media-text is-stacked-on-mobile is-vertically-aligned-top\" style=\"grid-template-columns:32% auto\"><figure class=\"wp-block-media-text__media\"><img loading=\"lazy\" decoding=\"async\" width=\"1024\" height=\"819\" src=\"https:\/\/tuiliere-a-ciel-ouvert.fr\/wp-content\/uploads\/2025\/07\/rednist-1024x819.jpg\" alt=\"\" class=\"wp-image-1108 size-full\" srcset=\"https:\/\/tuiliere-a-ciel-ouvert.fr\/wp-content\/uploads\/2025\/07\/rednist-1024x819.jpg 1024w, https:\/\/tuiliere-a-ciel-ouvert.fr\/wp-content\/uploads\/2025\/07\/rednist-300x240.jpg 300w, https:\/\/tuiliere-a-ciel-ouvert.fr\/wp-content\/uploads\/2025\/07\/rednist-768x614.jpg 768w, https:\/\/tuiliere-a-ciel-ouvert.fr\/wp-content\/uploads\/2025\/07\/rednist.jpg 1080w\" sizes=\"(max-width: 706px) 89vw, (max-width: 767px) 82vw, 740px\" \/><\/figure><div class=\"wp-block-media-text__content\">\n<p>Avec ses cheveux rouges et son style tout en finesse, Red Nist surprend autant qu\u2019il fascine. Ce magicien moderne joue avec nos perceptions sans jamais forcer le trait. Pas de grandes illusions ni de fum\u00e9e : juste quelques cartes, des gestes lents\u2026 et l\u2019impossible se produit. Ma\u00eetre de la psychologie et de l\u2019\u00e9pure, il cr\u00e9e une magie subtile, po\u00e9tique, presque hypnotique. Pr\u00e9parez-vous \u00e0 douter de vos&nbsp;propres&nbsp;yeux!<\/p>\n<\/div><\/div>\n\n\n\n<hr class=\"wp-block-separator has-alpha-channel-opacity is-style-dots\"\/>\n<\/div><\/div>\n\n\n\n<div class=\"wp-block-group\"><div class=\"wp-block-group__inner-container is-layout-constrained wp-block-group-is-layout-constrained\">\n<h5 class=\"wp-block-heading has-luminous-vivid-orange-color has-text-color has-link-color wp-elements-656ad33f47f1199e030b491629b2d2ed\" style=\"font-size:22px\">VERANDA<\/h5>\n\n\n\n<p><strong>\u2022\u2022\u2022 15h30 \u2022\u2022\u2022 <br><strong>CONF\u00c9RENCE<\/strong> | <\/strong><em><strong>BlablaBla &#8211; <\/strong>BLablabla<strong> <\/strong><\/em><\/p>\n\n\n\n<p><\/p>\n\n\n\n<hr class=\"wp-block-separator has-alpha-channel-opacity\"\/>\n\n\n\n<hr class=\"wp-block-separator has-alpha-channel-opacity\"\/>\n\n\n\n<p><strong><strong><strong><strong>\u2022\u2022\u2022 17h30 \u2022\u2022\u2022 <br><strong><strong><strong><strong>ATELIER<\/strong><\/strong><\/strong><\/strong><\/strong> | <\/strong><em><strong>Composition Hymne Festuili\u00e8re<\/strong><\/em>\u00a0&#8211; <\/strong><\/strong><em>L\u00e9o<strong> <\/strong><\/em><\/p>\n\n\n\n<div class=\"wp-block-group\"><div class=\"wp-block-group__inner-container is-layout-constrained wp-block-group-is-layout-constrained\">\n<div class=\"wp-block-group\"><div class=\"wp-block-group__inner-container is-layout-constrained wp-block-group-is-layout-constrained\">\n<hr class=\"wp-block-separator has-alpha-channel-opacity is-style-dots\"\/>\n\n\n\n<h5 class=\"wp-block-heading has-text-color has-link-color wp-elements-e2cdd45d18a7349e98dd33456d11858d\" style=\"color:#ffe066;font-size:22px\">SOUS LE C\u00c8DRE<\/h5>\n\n\n\n<div class=\"wp-block-group\"><div class=\"wp-block-group__inner-container is-layout-constrained wp-block-group-is-layout-constrained\">\n<div class=\"wp-block-group\"><div class=\"wp-block-group__inner-container is-layout-constrained wp-block-group-is-layout-constrained\">\n<p><strong>\u2022\u2022\u2022 14h \u2022\u2022\u2022 <br><strong>ATELIER<\/strong> | <\/strong><em><strong>Jonglage &#8211; <\/strong>L\u00e9o<\/em><\/p>\n\n\n\n<p>BLablabla<\/p>\n\n\n\n<hr class=\"wp-block-separator has-alpha-channel-opacity\"\/>\n\n\n\n<p><strong>\u2022\u2022\u2022 15h30 \u2022\u2022\u2022 <br><strong><strong>ATELIER<\/strong><\/strong> Body2 |<\/strong><em><strong> Blablabla &#8211; <\/strong>Blablabal<strong> <\/strong><\/em><br><\/p>\n\n\n\n<p>BLALBALA<\/p>\n\n\n\n<hr class=\"wp-block-separator has-alpha-channel-opacity\"\/>\n\n\n\n<p><strong><strong>\u2022\u2022\u2022 17h30 \u2022\u2022\u2022 <br><strong><strong><strong><strong><strong><strong><strong>ATELIER<\/strong><\/strong> Body<\/strong><\/strong><\/strong><\/strong><\/strong><\/strong><\/strong>3<strong> | <\/strong><em><strong>Blabalbal &#8211; <\/strong>Blablaba<strong> <\/strong><\/em><\/p>\n\n\n\n<p><\/p>\n\n\n\n<div class=\"wp-block-group\"><div class=\"wp-block-group__inner-container is-layout-constrained wp-block-group-is-layout-constrained\">\n<div class=\"wp-block-group\"><div class=\"wp-block-group__inner-container is-layout-constrained wp-block-group-is-layout-constrained\">\n<hr class=\"wp-block-separator has-alpha-channel-opacity is-style-dots\"\/>\n\n\n\n<h5 class=\"wp-block-heading has-vivid-red-color has-text-color has-link-color wp-elements-1394294f6d00bf408bb3ed5a921edaaa\" style=\"font-size:22px\">BAR<\/h5>\n\n\n\n<p><strong><strong>\u2022\u2022\u2022 17h30 \u2022\u2022\u2022 <br><strong>ATELIER<\/strong> | <\/strong><\/strong><em><strong>Cocktail et Mixologie<\/strong><\/em> &#8211; <em>Delphine<\/em><\/p>\n\n\n\n<p>Blablabla<\/p>\n\n\n\n<h5 class=\"wp-block-heading has-cyan-bluish-gray-color has-text-color has-link-color wp-elements-a8618157ad0b86708f68271c093fd004\" style=\"font-size:22px\">GARAGE<\/h5>\n\n\n\n<p><strong>\u2022\u2022\u2022 15h30 \u2022\u2022\u2022 <br><strong>ATELIER<\/strong> | <\/strong><em><strong>S\u00e9rigraphie &#8211; Blablabal &#8211; <\/strong>Blablalba<\/em><\/p>\n\n\n\n<p>BLABLABLAAB<\/p>\n\n\n\n<hr class=\"wp-block-separator has-alpha-channel-opacity is-style-dots\"\/>\n\n\n\n<h5 class=\"wp-block-heading has-vivid-green-cyan-color has-text-color has-link-color wp-elements-34abe33ab6e6f93d3a7d7ce8dcea0d3a\" style=\"font-size:22px\">AUX ALENTOURS<\/h5>\n\n\n\n<p><strong>\u2022\u2022\u2022 14h \u2022\u2022\u2022 <\/strong><br><strong>ATELIER | <em>Greffe d&#8217;arbres &#8211; <\/em><\/strong><em>Guillaume<\/em><\/p>\n\n\n\n<p><strong>BALBLA<\/strong><\/p>\n\n\n\n<p><strong>\u2022\u2022\u2022 17h30 \u2022\u2022\u2022 <br><strong><strong><strong><strong>BALADE<\/strong> | <\/strong><em><strong>Balade naturaliste <\/strong><\/em><\/strong><\/strong>ou danse en milieu naturel<\/strong> &#8211; BALBLA<\/p>\n\n\n\n<hr class=\"wp-block-separator has-alpha-channel-opacity\"\/>\n\n\n\n<p><strong>BALBLA<\/strong><\/p>\n<\/div><\/div>\n<\/div><\/div>\n<\/div><\/div>\n<\/div><\/div>\n<\/div><\/div>\n<\/div><\/div>\n\n\n\n<hr class=\"wp-block-separator has-alpha-channel-opacity is-style-wide\"\/>\n<\/div><\/div>\n\n\n\n<h2 class=\"wp-block-heading\" style=\"font-size:36px\"><strong>CONCERTS<\/strong><\/h2>\n\n\n\n<p><strong>\u2022\u2022\u2022 20h30 \u2022\u2022\u2022 <br><em>DUO <\/em><\/strong> <em><strong>Cailini<\/strong><\/em> &#8211; Bal Folk<\/p>\n\n\n\n<p><\/p>\n\n\n\n<hr class=\"wp-block-separator has-alpha-channel-opacity is-style-dots\"\/>\n\n\n\n<p><strong>\u2022\u2022\u2022 22h30 \u2022\u2022\u2022 <br><em>Full T\u00fckan<\/em><\/strong> &#8211; ElectroTopical<\/p>\n\n\n\n<figure class=\"wp-block-image size-full\"><img loading=\"lazy\" decoding=\"async\" width=\"474\" height=\"316\" src=\"https:\/\/tuiliere-a-ciel-ouvert.fr\/wp-content\/uploads\/2026\/04\/image.png\" alt=\"\" class=\"wp-image-1230\" srcset=\"https:\/\/tuiliere-a-ciel-ouvert.fr\/wp-content\/uploads\/2026\/04\/image.png 474w, https:\/\/tuiliere-a-ciel-ouvert.fr\/wp-content\/uploads\/2026\/04\/image-300x200.png 300w\" sizes=\"(max-width: 474px) 100vw, 474px\" \/><\/figure>\n\n\n\n<p><\/p>\n\n\n\n<hr class=\"wp-block-separator has-alpha-channel-opacity is-style-dots\"\/>\n\n\n\n<div class=\"wp-block-group is-nowrap is-layout-flex wp-container-core-group-is-layout-9 wp-block-group-is-layout-flex\">\n<figure class=\"wp-block-image size-full is-resized\"><img loading=\"lazy\" decoding=\"async\" width=\"521\" height=\"513\" src=\"https:\/\/tuiliere-a-ciel-ouvert.fr\/wp-content\/uploads\/2025\/07\/WhatsApp-Image-2025-07-28-at-17.18.37-3.jpeg\" alt=\"\" class=\"wp-image-1138\" style=\"width:280px;height:auto\" srcset=\"https:\/\/tuiliere-a-ciel-ouvert.fr\/wp-content\/uploads\/2025\/07\/WhatsApp-Image-2025-07-28-at-17.18.37-3.jpeg 521w, https:\/\/tuiliere-a-ciel-ouvert.fr\/wp-content\/uploads\/2025\/07\/WhatsApp-Image-2025-07-28-at-17.18.37-3-300x295.jpeg 300w\" sizes=\"(max-width: 521px) 100vw, 521px\" \/><\/figure>\n\n\n\n<p><strong>\u2022\u2022\u2022 <strong><strong>Distacoth\u00e8que <\/strong><\/strong><\/strong> <strong>\u2022 00h00 \/ 01h30 <strong>\u2022\u2022\u2022<\/strong><\/strong><br><br><strong><em>VOODOOTCHANGKOLLECTIF<\/em><\/strong> &#8211; DJ Set<br>De la House \u00e0 la Tech&#8230; en n&#8217;oubliant pas les classiques qui ont fait de nous ce que nous sommes. Quand Max, Claire et Tom se retrouvent autour des platines, ce n&#8217;est que pour leur plaisir et celuis des autres&#8230;<\/p>\n<\/div>\n\n\n\n<hr class=\"wp-block-separator has-alpha-channel-opacity\"\/>\n\n\n\n<hr class=\"wp-block-separator has-alpha-channel-opacity\"\/>\n\n\n\n<div class=\"wp-block-group is-nowrap is-layout-flex wp-container-core-group-is-layout-10 wp-block-group-is-layout-flex\">\n<figure class=\"wp-block-image size-full is-resized\"><img loading=\"lazy\" decoding=\"async\" width=\"339\" height=\"337\" src=\"https:\/\/tuiliere-a-ciel-ouvert.fr\/wp-content\/uploads\/2024\/07\/Capture-decran-2024-07-18-a-11.19.59.png\" alt=\"\" class=\"wp-image-901\" style=\"width:282px;height:auto\" srcset=\"https:\/\/tuiliere-a-ciel-ouvert.fr\/wp-content\/uploads\/2024\/07\/Capture-decran-2024-07-18-a-11.19.59.png 339w, https:\/\/tuiliere-a-ciel-ouvert.fr\/wp-content\/uploads\/2024\/07\/Capture-decran-2024-07-18-a-11.19.59-300x298.png 300w, https:\/\/tuiliere-a-ciel-ouvert.fr\/wp-content\/uploads\/2024\/07\/Capture-decran-2024-07-18-a-11.19.59-150x150.png 150w, https:\/\/tuiliere-a-ciel-ouvert.fr\/wp-content\/uploads\/2024\/07\/Capture-decran-2024-07-18-a-11.19.59-100x100.png 100w\" sizes=\"(max-width: 339px) 100vw, 339px\" \/><\/figure>\n\n\n\n<p><strong>\u2022\u2022\u2022 <strong>Distacoth\u00e8que \u2022 01h 30<\/strong>\/ 03h00<\/strong> <strong><strong>\u2022\u2022\u2022<\/strong><\/strong><br><strong><br><em>DJ LOVEGOOD<\/em><\/strong> &#8211; <em>Ombrag\u00e9e par la rage obscurcie. Alourdie par la lumi\u00e8re. Rythme solaire, Danse Lunaire. Boom boom sectaire. Du reggaeton \u00e0 la dark tech. De jour \u00e0 la nuit. Dans la nuit, jusqu&#8217;au jour.<\/em><\/p>\n<\/div>\n\n\n\n<hr class=\"wp-block-separator has-alpha-channel-opacity\"\/>\n\n\n\n<hr class=\"wp-block-separator has-alpha-channel-opacity\"\/>\n\n\n\n<div class=\"wp-block-group is-nowrap is-layout-flex wp-container-core-group-is-layout-11 wp-block-group-is-layout-flex\">\n<figure class=\"wp-block-image size-full is-resized\"><img loading=\"lazy\" decoding=\"async\" width=\"1024\" height=\"1024\" src=\"https:\/\/tuiliere-a-ciel-ouvert.fr\/wp-content\/uploads\/2024\/07\/DALL\u00b7E-2024-07-15-11.29.33-A-promotional-image-for-a-musical-jam-session-called-La-Jam-de-La-Tuiliere.-The-image-should-feature-a-central-circle-with-the-text-La-Jam-de-La-Tu-1.webp\" alt=\"\" class=\"wp-image-869\" style=\"width:120px\"\/><\/figure>\n\n\n\n<p><strong><em><strong><strong>\u2022\u2022\u2022<\/strong><\/strong><\/em><\/strong> <strong>Chapi \u2022<strong> Minuit \/ all night long!<\/strong><em> <strong><strong>\u2022\u2022\u2022<\/strong><\/strong><\/em><\/strong><br><strong><em><br>JAM DE LA TUILI\u00c8RE<\/em><\/strong><br>Amenez vos instrus!!! <br><strong><em>\u2022\u2022\u2022 <\/em><\/strong>Rdv sous le <strong>CHAPI<\/strong> pour mettre le feu! Ouvert \u00e0 toutes et tous!!!<\/p>\n<\/div>\n\n\n\n<hr class=\"wp-block-separator has-alpha-channel-opacity is-style-dots\"\/>\n\n\n\n<hr class=\"wp-block-separator has-alpha-channel-opacity is-style-wide\"\/>\n\n\n\n<hr class=\"wp-block-separator has-alpha-channel-opacity is-style-wide\"\/>\n\n\n\n<h2 class=\"wp-block-heading\" style=\"font-size:28px\"><strong>REPAS<\/strong> 100% VG<\/h2>\n\n\n\n<p><strong>\u2022\u2022\u2022 D\u00e8s 19h \u2022\u2022\u2022 <\/strong><\/p>\n\n\n\n<p class=\"has-text-align-left\"><img loading=\"lazy\" decoding=\"async\" width=\"65\" height=\"65\" class=\"wp-image-830\" style=\"width: 65px;\" src=\"https:\/\/tuiliere-a-ciel-ouvert.fr\/wp-content\/uploads\/2024\/07\/246193411_112063741259513_8485332612219993711_n-1.png\" alt=\"\" srcset=\"https:\/\/tuiliere-a-ciel-ouvert.fr\/wp-content\/uploads\/2024\/07\/246193411_112063741259513_8485332612219993711_n-1.png 639w, https:\/\/tuiliere-a-ciel-ouvert.fr\/wp-content\/uploads\/2024\/07\/246193411_112063741259513_8485332612219993711_n-1-300x300.png 300w, https:\/\/tuiliere-a-ciel-ouvert.fr\/wp-content\/uploads\/2024\/07\/246193411_112063741259513_8485332612219993711_n-1-150x150.png 150w, https:\/\/tuiliere-a-ciel-ouvert.fr\/wp-content\/uploads\/2024\/07\/246193411_112063741259513_8485332612219993711_n-1-100x100.png 100w\" sizes=\"(max-width: 65px) 100vw, 65px\" \/> <strong>\u2022 Chez Ad\u00e8le \u2022 <\/strong>G\u00e9n\u00e9reuses assiettes, comme \u00e0 la maison (mais en mieux!)<\/p>\n\n\n\n<p><img loading=\"lazy\" decoding=\"async\" width=\"65\" height=\"65\" class=\"wp-image-829\" style=\"width: 65px;\" src=\"https:\/\/tuiliere-a-ciel-ouvert.fr\/wp-content\/uploads\/2024\/07\/365659217_1469843643850722_1716866823989403444_n.jpg\" alt=\"\" srcset=\"https:\/\/tuiliere-a-ciel-ouvert.fr\/wp-content\/uploads\/2024\/07\/365659217_1469843643850722_1716866823989403444_n.jpg 2048w, https:\/\/tuiliere-a-ciel-ouvert.fr\/wp-content\/uploads\/2024\/07\/365659217_1469843643850722_1716866823989403444_n-300x300.jpg 300w, https:\/\/tuiliere-a-ciel-ouvert.fr\/wp-content\/uploads\/2024\/07\/365659217_1469843643850722_1716866823989403444_n-1024x1020.jpg 1024w, https:\/\/tuiliere-a-ciel-ouvert.fr\/wp-content\/uploads\/2024\/07\/365659217_1469843643850722_1716866823989403444_n-150x150.jpg 150w, https:\/\/tuiliere-a-ciel-ouvert.fr\/wp-content\/uploads\/2024\/07\/365659217_1469843643850722_1716866823989403444_n-768x765.jpg 768w, https:\/\/tuiliere-a-ciel-ouvert.fr\/wp-content\/uploads\/2024\/07\/365659217_1469843643850722_1716866823989403444_n-1536x1530.jpg 1536w, https:\/\/tuiliere-a-ciel-ouvert.fr\/wp-content\/uploads\/2024\/07\/365659217_1469843643850722_1716866823989403444_n-100x100.jpg 100w\" sizes=\"(max-width: 65px) 100vw, 65px\" \/><strong> \u2022 Nasser \u2022 <\/strong>Le traiteur star du Pilat et ses sp\u00e9cialit\u00e9s syriennes!<\/p>\n\n\n\n<p><img loading=\"lazy\" decoding=\"async\" width=\"65\" height=\"64\" class=\"wp-image-831\" style=\"width: 65px;\" src=\"https:\/\/tuiliere-a-ciel-ouvert.fr\/wp-content\/uploads\/2024\/07\/291746176_520878006496423_8736597595166141605_n.jpg\" alt=\"\" srcset=\"https:\/\/tuiliere-a-ciel-ouvert.fr\/wp-content\/uploads\/2024\/07\/291746176_520878006496423_8736597595166141605_n.jpg 884w, https:\/\/tuiliere-a-ciel-ouvert.fr\/wp-content\/uploads\/2024\/07\/291746176_520878006496423_8736597595166141605_n-300x296.jpg 300w, https:\/\/tuiliere-a-ciel-ouvert.fr\/wp-content\/uploads\/2024\/07\/291746176_520878006496423_8736597595166141605_n-150x150.jpg 150w, https:\/\/tuiliere-a-ciel-ouvert.fr\/wp-content\/uploads\/2024\/07\/291746176_520878006496423_8736597595166141605_n-768x758.jpg 768w, https:\/\/tuiliere-a-ciel-ouvert.fr\/wp-content\/uploads\/2024\/07\/291746176_520878006496423_8736597595166141605_n-100x100.jpg 100w\" sizes=\"(max-width: 65px) 100vw, 65px\" \/><strong> \u2022 Mezclum \u2022 <\/strong>Les burgers qui tuent de Natalia, et ses c\u00e9l\u00e8bres frites maison &lt;3<\/p>\n\n\n\n<p><img loading=\"lazy\" decoding=\"async\" width=\"65\" height=\"65\" class=\"wp-image-839\" style=\"width: 65px;\" src=\"https:\/\/tuiliere-a-ciel-ouvert.fr\/wp-content\/uploads\/2024\/07\/pngtree-gourmet-cupcakes-cartoon-delicious-illustration-elements-cakecartoondeliciousillustrationelement-png-image_617248.jpg\" alt=\"\" srcset=\"https:\/\/tuiliere-a-ciel-ouvert.fr\/wp-content\/uploads\/2024\/07\/pngtree-gourmet-cupcakes-cartoon-delicious-illustration-elements-cakecartoondeliciousillustrationelement-png-image_617248.jpg 640w, https:\/\/tuiliere-a-ciel-ouvert.fr\/wp-content\/uploads\/2024\/07\/pngtree-gourmet-cupcakes-cartoon-delicious-illustration-elements-cakecartoondeliciousillustrationelement-png-image_617248-300x300.jpg 300w, https:\/\/tuiliere-a-ciel-ouvert.fr\/wp-content\/uploads\/2024\/07\/pngtree-gourmet-cupcakes-cartoon-delicious-illustration-elements-cakecartoondeliciousillustrationelement-png-image_617248-150x150.jpg 150w, https:\/\/tuiliere-a-ciel-ouvert.fr\/wp-content\/uploads\/2024\/07\/pngtree-gourmet-cupcakes-cartoon-delicious-illustration-elements-cakecartoondeliciousillustrationelement-png-image_617248-100x100.jpg 100w\" sizes=\"(max-width: 65px) 100vw, 65px\" \/><strong> \u2022 La Bicycr\u00eape du Pilat \u2022 <\/strong>La fameuse cr\u00eaperie mobile en v\u00e9lo am\u00e9nag\u00e9 \ud83d\ude42<\/p>\n\n\n\n<hr class=\"wp-block-separator has-alpha-channel-opacity\"\/>\n\n\n\n<p><strong>\u2022\u2022\u2022 BAR \u2022\u2022\u2022 <\/strong><br>Cocktails de la Distillerie du Pilat<br>Softs funky faits maison<br>Bi\u00e8res artisanales<br>Vins locaux\u2026<\/p>\n\n\n\n<hr class=\"wp-block-separator has-alpha-channel-opacity\"\/>\n\n\n\n<p><strong>\u2022\u2022\u2022 D\u00e8s 20h \u2022\u2022\u2022 <\/strong><br>Coin CHILL dans la <strong>V\u00c9RANDA<\/strong> (tisanes, BD, jeux, coussins\u2026)<\/p>\n\n\n\n<hr class=\"wp-block-separator has-alpha-channel-opacity is-style-wide\"\/>\n\n\n\n<figure class=\"wp-block-gallery has-nested-images columns-default is-cropped wp-block-gallery-1 is-layout-flex wp-block-gallery-is-layout-flex\"><\/figure>\n\n\n\n<figure class=\"wp-block-image size-full is-resized\"><img loading=\"lazy\" decoding=\"async\" width=\"1002\" height=\"648\" src=\"https:\/\/tuiliere-a-ciel-ouvert.fr\/wp-content\/uploads\/2025\/08\/programme-festuiliere-1.jpg\" alt=\"\" class=\"wp-image-1177\" style=\"width:781px;height:auto\" srcset=\"https:\/\/tuiliere-a-ciel-ouvert.fr\/wp-content\/uploads\/2025\/08\/programme-festuiliere-1.jpg 1002w, https:\/\/tuiliere-a-ciel-ouvert.fr\/wp-content\/uploads\/2025\/08\/programme-festuiliere-1-300x194.jpg 300w, https:\/\/tuiliere-a-ciel-ouvert.fr\/wp-content\/uploads\/2025\/08\/programme-festuiliere-1-768x497.jpg 768w\" sizes=\"(max-width: 706px) 89vw, (max-width: 767px) 82vw, 740px\" \/><\/figure>\n\n\n\n<hr class=\"wp-block-separator has-alpha-channel-opacity is-style-dots\"\/>\n\n\n\n<figure class=\"wp-block-image size-large is-resized\"><img loading=\"lazy\" decoding=\"async\" width=\"1024\" height=\"724\" src=\"https:\/\/tuiliere-a-ciel-ouvert.fr\/wp-content\/uploads\/2024\/08\/Plan2024-min-1-1024x724.png\" alt=\"\" class=\"wp-image-966\" style=\"width:781px;height:auto\" srcset=\"https:\/\/tuiliere-a-ciel-ouvert.fr\/wp-content\/uploads\/2024\/08\/Plan2024-min-1-1024x724.png 1024w, https:\/\/tuiliere-a-ciel-ouvert.fr\/wp-content\/uploads\/2024\/08\/Plan2024-min-1-300x212.png 300w, https:\/\/tuiliere-a-ciel-ouvert.fr\/wp-content\/uploads\/2024\/08\/Plan2024-min-1-768x543.png 768w, https:\/\/tuiliere-a-ciel-ouvert.fr\/wp-content\/uploads\/2024\/08\/Plan2024-min-1-1536x1086.png 1536w\" sizes=\"(max-width: 706px) 89vw, (max-width: 767px) 82vw, 740px\" \/><\/figure>\n","protected":false},"excerpt":{"rendered":"<p>SPECTACLES, CONF\u00c9RENCES ET ATELIERS CHAPI \u2022\u2022\u2022 14h \u2022\u2022\u2022 Atelier | Peinture \u00e9cologique \u2022\u00a0Blablabla &#8211; Aude \u2022\u2022\u2022 15h30 \u2022\u2022\u2022 SPECTACLE 1 | Blablabla \u2022\u00a0Blablabla &#8211; Blablabla IMAGE + Blablabla \u2022\u2022\u2022 17h30 \u2022\u2022\u2022 SPECTACLE 1 | Blablabla \u2022\u00a0Blablabla &#8211; Blablabla IMAGE + Blablabla \u2022\u2022\u2022 Toute l&#8217;aprem en itin\u00e9rance \u2022\u2022\u2022 SPECTACLE | Magie \u2022&nbsp;Le magicien aux cheveux rouges &hellip; <\/p>\n<p class=\"link-more\"><a href=\"https:\/\/tuiliere-a-ciel-ouvert.fr\/index.php\/programme-et-plan-2026\/\" class=\"more-link\">Continue reading<span class=\"screen-reader-text\"> &#8220;Programme et Plan 2026&#8221;<\/span><\/a><\/p>\n","protected":false},"author":1,"featured_media":0,"parent":0,"menu_order":0,"comment_status":"closed","ping_status":"closed","template":"","meta":{"footnotes":""},"_links":{"self":[{"href":"https:\/\/tuiliere-a-ciel-ouvert.fr\/index.php\/wp-json\/wp\/v2\/pages\/1216"}],"collection":[{"href":"https:\/\/tuiliere-a-ciel-ouvert.fr\/index.php\/wp-json\/wp\/v2\/pages"}],"about":[{"href":"https:\/\/tuiliere-a-ciel-ouvert.fr\/index.php\/wp-json\/wp\/v2\/types\/page"}],"author":[{"embeddable":true,"href":"https:\/\/tuiliere-a-ciel-ouvert.fr\/index.php\/wp-json\/wp\/v2\/users\/1"}],"replies":[{"embeddable":true,"href":"https:\/\/tuiliere-a-ciel-ouvert.fr\/index.php\/wp-json\/wp\/v2\/comments?post=1216"}],"version-history":[{"count":3,"href":"https:\/\/tuiliere-a-ciel-ouvert.fr\/index.php\/wp-json\/wp\/v2\/pages\/1216\/revisions"}],"predecessor-version":[{"id":1233,"href":"https:\/\/tuiliere-a-ciel-ouvert.fr\/index.php\/wp-json\/wp\/v2\/pages\/1216\/revisions\/1233"}],"wp:attachment":[{"href":"https:\/\/tuiliere-a-ciel-ouvert.fr\/index.php\/wp-json\/wp\/v2\/media?parent=1216"}],"curies":[{"name":"wp","href":"https:\/\/api.w.org\/{rel}","templated":true}]}}